{"id":326,"date":"2013-07-20T21:24:43","date_gmt":"2013-07-20T19:24:43","guid":{"rendered":"http:\/\/wp.cycling-family.info\/?page_id=326"},"modified":"2013-11-19T13:15:45","modified_gmt":"2013-11-19T11:15:45","slug":"tauernradweg-2009","status":"publish","type":"page","link":"http:\/\/wp.cycling-family.info\/?page_id=326","title":{"rendered":"Tauernradweg 2011"},"content":{"rendered":"<p style=\"text-align: left;\"><strong>Tauernradweg 2011<\/strong><br \/>\n<strong>Tag 1<\/strong><br \/>\nAm Samstag, den 04.08.11 erreichen wir fr\u00fchmorgens \u00d6sterreich gegen 10.00 Uhr kommen wir in Krimml an. Der Wetterbericht verk\u00fcndet uns das denkbar schlechteste Wetter zum Radfahren. Starkregen, Wind in B\u00f6en st\u00fcrmisch und Hagel. Um an unserem Zeitplan fest zu halten, geplant sind 5 Tage Tauernradweg, versuchen wir die Krimmlerwasserf\u00e4lle, eine der Hauptattraktionen, mit dem Auto zu besuchen.<br \/>\nAber es n\u00fctzt alles nichts und wir brechen bei Dauerregen unseren Besichtigungsversuch ab, die Hagelwarnung zwingt uns auf ein Bed und Breakfest auszuweichen, denn wir wollen nicht riskieren das nach einem Hagelschauer, unsere Zelte im Eimer sind. Also schauen wir uns das Wetter durch die Scheiben unserer Unterkunft an und hoffen auf Wetterbesserung. Wir schlafen aus, schauen fern\u00a0<img loading=\"lazy\" decoding=\"async\" class=\"aligncenter\" title=\"Chillen bei Regenwetter im Zimmerfrei.\" alt=\"\" src=\"http:\/\/wp.cycling-family.info\/wp-content\/galleries\/tauernradweg_2011\/tauernradweg_2011_03.jpg\" width=\"560\" height=\"373\" \/><\/p>\n<p>und suchen meine Vaude-Radschuhe, die so viel sei hier schon einmal verraten noch in Detmold im Schuregal stehen :-(. Unsere R\u00e4der stehen auf dem Anh\u00e4nger und sehen in dem Regen doch irgendwie ein wenig verweist aus.<\/p>\n<p style=\"text-align: left;\"><img loading=\"lazy\" decoding=\"async\" class=\"aligncenter\" title=\"Die Bikes warten wie wir auf besseres Wetter\" alt=\"\" src=\"http:\/\/wp.cycling-family.info\/wp-content\/galleries\/tauernradweg_2011\/tauernradweg_2011_01.jpg\" width=\"560\" height=\"373\" \/><br \/>\n<strong>Tag 2 Krimmler Wasserf\u00e4lle und zur\u00fcck 12 Km<\/strong><br \/>\nAm Sonntag lassen wir uns in unserer festen Behausung noch ein gutes Fr\u00fchst\u00fcck schmecken und verlegen dann unseren Wohnsitz auf den n\u00e4chsten Campingplatz.\u00a0<img loading=\"lazy\" decoding=\"async\" class=\"aligncenter\" title=\"Zelten in Krimml  \" alt=\"\" src=\"http:\/\/wp.cycling-family.info\/wp-content\/galleries\/tauernradweg_2011\/tauernradweg_2011_05.jpg\" width=\"560\" height=\"373\" \/><\/p>\n<p style=\"text-align: left;\">Die Regenwolken haben sich zum Gl\u00fcck verzogen und die Sonne lugt zwischen den Wolken hervor. Wir m\u00fcssen unsere Ausr\u00fcstung sortieren, umpacken kl\u00e4ren wo wir unseren PKW nebst Anh\u00e4nger abstellen k\u00f6nnen. Nachdem dann alles f\u00fcr den n\u00e4chsten Tag vorbereitet ist, starten wir einen erneuten Besichtigungsversuch der Krimmlerwasserf\u00e4lle. Aber diesmal Cyclingfamily like nat\u00fcrlich mit dem Rad. Wir klettern die 6 Kilometer auf herrlichen Waldwegen zur\u00fcck zu den Krimmlerwasserf\u00e4llen incl. eines kleinen Singeltrails der unseren Bikes aber nichts ausmacht. Wir besichtigen die Wasserf\u00e4lle <strong><img loading=\"lazy\" decoding=\"async\" class=\"aligncenter\" title=\"Die Krimmler Wasserf\u00e4lle  \" alt=\"\" src=\"http:\/\/wp.cycling-family.info\/wp-content\/galleries\/tauernradweg_2011\/tauernradweg_2011_04.jpg\" width=\"560\" height=\"373\" \/><\/strong>und man fragt sich wie viele Badewannen wohl hier in einer Minute voll werden und wandern hoch, bis zur ersten H\u00fctte, dort lassen wir uns ein Eis schmecken und gehen zur\u00fcck zu den Bikes. Wir rollen diesmal auf getrennten Wegen zur\u00fcck zu den Zelten, die drei gro\u00dfen wollen unbedingt noch einmal den Waldweg nehmen Lydia und ich genie\u00dfen die schnelle Abfahrt auf der Stra\u00dfe, obwohl und da bin ich mir sicher Marco, Timo und Nico alles versucht haben um vor ihren Eltern am Campingplatz zu sein, was aber leider nicht geklappt hat.\u00a0 Ab jetzt ist abends wieder vorlesen angesagt und dieses Jahr ist da viel zu tun, denn wir werden ja nur kurz unterwegs sein, so wie es jetzt ausschaut drei Tage also kommen wir auf f\u00fcnf N\u00e4chte, das bedeutet wenn wir das Buch durch bekommen wollen sind jeden Abend wenigstens 6 Kapitel dran. Aber weil der Sommer sich dem Ende neigt, wird es abends schnell dunkel und so ist das kein Problem.<\/p>\n<p style=\"text-align: left;\"><strong>Tag 3 Wald im Pinzgau bis Bruck 61 km<\/strong><br \/>\nWenn man sich das H\u00f6henprofil vom Tauernradweg anschaut k\u00f6nnte man meinen, es geht fast nur bergab. <img loading=\"lazy\" decoding=\"async\" class=\"aligncenter\" title=\"Wo gehts lang?\" alt=\"\" src=\"http:\/\/wp.cycling-family.info\/wp-content\/galleries\/tauernradweg_2011\/tauernradweg_2011_06.jpg\" width=\"560\" height=\"373\" \/>Aber Radroutenplaner haben eine Priorit\u00e4t und die hei\u00dft, m\u00f6glichst sch\u00f6ne Strecken die wenig befahren sind aus zu suchen. Wenn wir uns immer nur an diesen Streckenvorschlag gehalten h\u00e4tten dann h\u00e4tten wir schon am ersten Tag reichlich H\u00f6henmeter sammel k\u00f6nnen. Aber wir machen es uns heute etwas leichter und umgehen die meisten Steigungen auf der wenn auch etwas st\u00e4rker befahrenen B 168. Das ist mit unserem Gep\u00e4ck dann nicht ganz so schwei\u00dftreibend. Das Wetter ist heute sehr sch\u00f6n warm und sonnig.<img loading=\"lazy\" decoding=\"async\" class=\"aligncenter\" title=\"Entlang der Salzach  \" alt=\"\" src=\"http:\/\/wp.cycling-family.info\/wp-content\/galleries\/tauernradweg_2011\/tauernradweg_2011_07.jpg\" width=\"560\" height=\"373\" \/><\/p>\n<p style=\"text-align: left;\">Wir genie\u00dfen die Aussicht auf die Berge<img loading=\"lazy\" decoding=\"async\" class=\"aligncenter\" title=\"Ausblick auf die Berge  \" alt=\"\" src=\"http:\/\/wp.cycling-family.info\/wp-content\/galleries\/tauernradweg_2011\/tauernradweg_2011_08.jpg\" width=\"560\" height=\"373\" \/>besonders beeindruckt uns der Gro\u00dfvenediger der oben wei\u00df gezuckert ist. Wir fahren mal rechts mal links der Salzach und machen irgendwann am Radweg\u00a0 mittags eine z\u00fcnftige Brotzeit.<img loading=\"lazy\" decoding=\"async\" class=\"aligncenter\" title=\"Brotzeit auf dem Tauernradweg  \" alt=\"\" src=\"http:\/\/wp.cycling-family.info\/wp-content\/galleries\/tauernradweg_2011\/tauernradweg_2011_09.jpg\" width=\"560\" height=\"373\" \/><\/p>\n<p>Kurz bevor wir nach Kaprun einfahren, rollen wir unter einer Sommerrodelbahn entlang. Wir checken die Kosten und da wundert man sich dann manchmal doch recht positiv \u00fcber die eigenen Kinder, wenn die dann beschlie\u00dfen das 23,-\u20ac f\u00fcr eine Fahrt f\u00fcr 4 Leute einfach zu teuer ist. So fahren wir weiter bis Bruck und staunen nicht schlecht dar\u00fcber das nicht nur Sommerrodelbahnen sondern auch Campingpl\u00e4tze hier recht teuer zu sein scheinen. Wir m\u00fcssen f\u00fcr die ganze Familie knapp 67,-\u20ac berappen. Nat\u00fcrlich ist der Platz edel ausgestattet aber eine Dusche und ein Platz f\u00fcr die Zelte h\u00e4tten uns gereicht. Auf Mamorwaschtische, Sauna, Minigolf, etc. legen wir nicht so viel wert weil wir ja meistens erst sp\u00e4t am Nachmittag ankommen, willkommen ist aber auf jeden Fall der vorhanden Badesee und der Pool. Abends f\u00e4ngt es dann wieder an zu st\u00fcrmen und zu wehen und der Himmel zieht sich zu.<\/p>\n<p style=\"text-align: left;\"><strong>Tag 4 Bruck nach St. Johann 43km<\/strong><br \/>\nMorgens starten wir bei leichtem Nieselregen, aber das Wetter bessert sich Zunehmens. Wir klettern kurz vor Taxenbach einen kleinen Anstieg hoch<img loading=\"lazy\" decoding=\"async\" class=\"aligncenter\" title=\"Es geht bergauf  \" alt=\"\" src=\"http:\/\/wp.cycling-family.info\/wp-content\/galleries\/tauernradweg_2011\/tauernradweg_2011_10.jpg\" width=\"560\" height=\"373\" \/>und in Taxenbach rasten wir dann ein paar Minuten. Ich erz\u00e4hle meinen Jungs schon einmal, dass wir heute noch eine schwere Steigung vor uns haben, hoch zum Ausgleichsbecken, aber sonst geht es \u00fcber Leng und Gigerach nur bergab. Das hebt die Stimmung aber ca. 1km vor Lend merken wir dann das die Theorie, sich nicht immer mit der Praxis decken muss. Es gibt eine Vollsperrung der Stra\u00dfe<img loading=\"lazy\" decoding=\"async\" class=\"aligncenter\" title=\"Ob wir hier nicht doch durchkommen? \" alt=\"\" src=\"http:\/\/wp.cycling-family.info\/wp-content\/galleries\/tauernradweg_2011\/tauernradweg_2011_15.jpg\" width=\"560\" height=\"373\" \/><\/p>\n<p style=\"text-align: left;\">mit dem Hinweis, dass selbst Fu\u00dfg\u00e4nger dort nicht durch kommen.<img loading=\"lazy\" decoding=\"async\" class=\"aligncenter\" title=\"Hier haben nicht einmal Fu\u00dfg\u00e4nger eine Chance.  \" alt=\"\" src=\"http:\/\/wp.cycling-family.info\/wp-content\/galleries\/tauernradweg_2011\/tauernradweg_2011_16.jpg\" width=\"560\" height=\"373\" \/>Nun ist guter Rat teuer mit unserem kleinen Fenster in der Bikelinekarte ist eine genaue Orientierung nicht ganz einfach. Normalerweise habe ich immer eine \u00dcbersichtskarte mit, ich wollte\u00a0 f\u00fcr die paar Tage das Geld sparen. Aber gl\u00fccklicher Weise hilft uns ein sehr netter Motorradfahrer. Der f\u00fcr uns die Strecke auskundschaftet und nach 15 min wieder da ist mit der Nachricht das wir wohl um eine Zusatz-Bergetappe nicht herum kommen und au\u00dferdem noch \u00fcber die 4 Spurige Bundesstra\u00dfe m\u00fcssen, die eigentlich f\u00fcr Radfahrer verboten ist.<br \/>\nNa das sind ja keine berauschenden Aussichten. Aber wir nehmen es wie es kommt, also den Berg hoch und Lydia f\u00e4hrt mit ihren roten Packtaschen und unserer Gelben Sicherheitsweste hinten. \u00dcber die Bundesstra\u00dfe und hier kommt man sich wie auf der Autobahn vor. Wahrscheinlich sind wir in irgendeiner Radiodurchsage so nach der Art Vorsicht Radfahrer auf der B sowieso zwischen hier und da.\u00a0 Nach ca. 4 Km Bundesstra\u00dfe rollen wir dann dass 15% Gef\u00e4lle nach Lend runter und freuen uns wieder mal an unserer guten Magura HS33 die uns sicher den Berg runter bringt. Weiter geht es die erste Steigung lassen wir noch links liegen aber zum Ausgleichsbecken m\u00fcssen wir hoch und kommen an diesem Anstieg dann doch ganz sch\u00f6n ins Schwitzen. Eigentlich sind wir ja keine E-Bikefans aber jetzt, so ein kleiner Motor w\u00e4re ja nicht schlecht :-). Na ja, irgendwann sind wir oben, <img loading=\"lazy\" decoding=\"async\" class=\"aligncenter\" title=\"Am Ausgleichsbecken, vor uns liegt eine lange Abfahrt.  \" alt=\"\" src=\"http:\/\/wp.cycling-family.info\/wp-content\/galleries\/tauernradweg_2011\/tauernradweg_2011_17.jpg\" width=\"560\" height=\"373\" \/>wir haben ja das Schieben letztes Jahr in Norwegen reichlich trainiert und weil wir uns alle immer gegenseitig helfen (z.B. f\u00e4hrt hier Marco Mamas rad den Berg hoch)\u00a0<img loading=\"lazy\" decoding=\"async\" class=\"aligncenter\" title=\"Wenn Muttern ihr Bike nicht den Berg hoch bekommt, hat sie zum Gl\u00fcck gro\u00dfe S\u00f6hne.   \" alt=\"\" src=\"http:\/\/wp.cycling-family.info\/wp-content\/galleries\/tauernradweg_2011\/tauernradweg_2011_11.jpg\" width=\"560\" height=\"373\" \/><\/p>\n<p>kommen wir auch die Steigungen hoch, wenn auch nicht immer fahrend. Ja dann liegt eine herrliche Abfahrt nach Schwarzach vor uns und lange Abfahrten heben immer die Stimmung\u00a0 und lassen den m\u00fchsamen Anstieg schnell vergessen.Wir entscheiden uns einfach heute, nach 2 starken Steigungen, schon in St. Johann Schluss\u00a0 zu machen und nicht wie geplant hinter Bischofshofen.<\/p>\n<p style=\"text-align: left;\"><strong>Tag 5 St. Johann nach Golling 45 Km<\/strong><br \/>\nWir starten morgens in St. Johann um 10.00 Uhr. Bis Werfen genie\u00dfen wir mit unseren Bikes eine herrliche Flachetappe. In Werfen schieben wir eine kurze Pause ein.\u00a0<img loading=\"lazy\" decoding=\"async\" class=\"aligncenter\" title=\"Pause in Werfen   \" alt=\"\" src=\"http:\/\/wp.cycling-family.info\/wp-content\/galleries\/tauernradweg_2011\/tauernradweg_2011_18.jpg\" width=\"560\" height=\"373\" \/><\/p>\n<p style=\"text-align: left;\">F\u00fcllen unsere Kalorienspeicher auf und besichtigen ein wenig die Innenstadt, nebst Kirche<img loading=\"lazy\" decoding=\"async\" class=\"aligncenter\" title=\"Kirche in Werfen \" alt=\"\" src=\"http:\/\/wp.cycling-family.info\/wp-content\/galleries\/tauernradweg_2011\/tauernradweg_2011_19.jpg\" width=\"560\" height=\"373\" \/>und genie\u00dfen den Ausblick auf Burg Hohenwerfen, die uns aber mit ihrer starken Steigung und unserem schweren Gep\u00e4ck\u00a0 nicht lockt.<img loading=\"lazy\" decoding=\"async\" class=\"aligncenter\" title=\"Burg Werfen  \" alt=\"\" src=\"http:\/\/wp.cycling-family.info\/wp-content\/galleries\/tauernradweg_2011\/tauernradweg_2011_20.jpg\" width=\"560\" height=\"373\" \/><\/p>\n<p>Gleich nach Werfen geht es erst mal bergan es geht weiter \u00fcber Tenneck und so ganz langsam\u00a0 r\u00fccken die Bergw\u00e4nde immer n\u00e4her aneinander so das in deren Mitte gerade noch Platz bleibt f\u00fcr die Salzach, die Bahn und die Bundesstra\u00dfe und bedauerlicherweise f\u00fcr den Wind der leider genau von vorne kommt. Aber wir genie\u00dfen die Ausblicke auf die steilen Bergw\u00e4nde, eine f\u00fcr uns ungewohnte Perspektive. Wir\u00a0 n\u00e4hern uns so p\u00f6 a p\u00f6 dem Pass Lueg <strong><\/strong><img loading=\"lazy\" decoding=\"async\" class=\"aligncenter\" title=\"Auf 553m am Pass Lueg \" alt=\"\" src=\"http:\/\/wp.cycling-family.info\/wp-content\/galleries\/tauernradweg_2011\/tauernradweg_2011_21.jpg\" width=\"560\" height=\"373\" \/>der auch mit unserem Gep\u00e4ck, f\u00fcr die meisten von uns fahrbar ist.<br \/>\n<img loading=\"lazy\" decoding=\"async\" class=\"aligncenter\" title=\"Schiebehilfe am Berg  \" alt=\"\" src=\"http:\/\/wp.cycling-family.info\/wp-content\/galleries\/tauernradweg_2011\/tauernradweg_2011_23.jpg\" width=\"560\" height=\"373\" \/>Wir sind dann oben auf 553m \u00fcber NN verschnaufen einen Moment <strong><img loading=\"lazy\" decoding=\"async\" class=\"aligncenter\" title=\"Tunnel sind nach Norwegen kein Problem mehr.  \" alt=\"\" src=\"http:\/\/wp.cycling-family.info\/wp-content\/galleries\/tauernradweg_2011\/tauernradweg_2011_24.jpg\" width=\"560\" height=\"373\" \/><\/strong>und genie\u00dfen die herrliche Abfahrt nach Golling. Hier entscheiden wir uns, die Tour f\u00fcr dies Jahr zu beenden. Denn viel ist noch zu tun. Vor mir liegt noch eine 4,5 St\u00fcndige Bahnfahrt\u00a0 zur\u00fcck nach Krimml und dann noch einmal gut 2 Stunden Autofahrt wieder nach Golling um das Auto plus Anh\u00e4nger zu meiner Familie und den R\u00e4dern zu bringen.<br \/>\nDenn morgen m\u00fcssen wir unsere Zelte in \u00d6sterreich abbrechen, um weiter zum Bodensee zu fahren. Weil dies Jahr die Eurobike in die Sommerferien f\u00e4llt, ist es uns endlich einmal m\u00f6glich das Weltgr\u00f6\u00dfte Fahrradevent als komplette Familie zu besuchen und au\u00dferdem hat sich kurz vor dem Urlaub ein Termin beim Bikechannel ergeben. Wir kalkulieren dann einen Tag f\u00fcr die Reise Richtung Friederichshafen ein und am Freitagmorgen stehen wir dann um 09.30 Uhr mit unserem voll beladenen Tandem vor dem Osteingang der Messe<br \/>\n<img loading=\"lazy\" decoding=\"async\" class=\"aligncenter\" title=\"Vor der Eurobike Foyer Ost Messe Friederichshafen  \" alt=\"\" src=\"http:\/\/wp.cycling-family.info\/wp-content\/galleries\/tauernradweg_2011\/tauernradweg_2011_26.jpg\" width=\"560\" height=\"373\" \/>Friederichshafen. Um 10.00 Uhr sitzen wir dann in einer gem\u00fctlichen Runde beim Interview<br \/>\n<img loading=\"lazy\" decoding=\"async\" class=\"aligncenter\" title=\"Interview beim Bikechannel Eurobike 2011 \" alt=\"\" src=\"http:\/\/wp.cycling-family.info\/wp-content\/galleries\/tauernradweg_2011\/tauernradweg_2011_27.jpg\" width=\"560\" height=\"373\" \/>(was dabei so heraus gekommen ist kann man<a title=\"Cycling Family Eurobikeinterview 2011\" href=\"http:\/\/bike-channel.tv\/film\/eurobike-meet-greet-familie-pagendarm\" target=\"_blank\"><strong> hier<\/strong><\/a> sehen) und danach lassen wir die Messeneuheiten auf uns wirken und drehen die ein oder andere Runde mit unserem Traumliegerad. Das war mal ein Urlaub einer ganz anderen Art aber au\u00dfer ein paar fehlenden Radkilometern haben wir nichts vermisst. Denn eins ist sicher der n\u00e4chste Urlaub wird ja bestimmt wieder anders verlaufen und wann hat man als Gro\u00dffamilie schon einmal einen Interviewtermin auf der Eurobike ;-)?<\/p>\n","protected":false},"excerpt":{"rendered":"<p>Tauernradweg 2011 Tag 1 Am Samstag, den 04.08.11 erreichen wir fr\u00fchmorgens \u00d6sterreich gegen 10.00 Uhr kommen wir in Krimml an. Der Wetterbericht verk\u00fcndet uns das denkbar schlechteste Wetter zum Radfahren. Starkregen, Wind in B\u00f6en st\u00fcrmisch und Hagel. Um an unserem &hellip; <a href=\"http:\/\/wp.cycling-family.info\/?page_id=326\">Weiterlesen <span class=\"meta-nav\">&rarr;<\/span><\/a><\/p>\n","protected":false},"author":1,"featured_media":0,"parent":0,"menu_order":0,"comment_status":"closed","ping_status":"closed","template":"","meta":{"ngg_post_thumbnail":0,"jetpack_post_was_ever_published":false,"footnotes":""},"jetpack_shortlink":"https:\/\/wp.me\/P3JTu5-5g","jetpack_sharing_enabled":true,"_links":{"self":[{"href":"http:\/\/wp.cycling-family.info\/index.php?rest_route=\/wp\/v2\/pages\/326"}],"collection":[{"href":"http:\/\/wp.cycling-family.info\/index.php?rest_route=\/wp\/v2\/pages"}],"about":[{"href":"http:\/\/wp.cycling-family.info\/index.php?rest_route=\/wp\/v2\/types\/page"}],"author":[{"embeddable":true,"href":"http:\/\/wp.cycling-family.info\/index.php?rest_route=\/wp\/v2\/users\/1"}],"replies":[{"embeddable":true,"href":"http:\/\/wp.cycling-family.info\/index.php?rest_route=%2Fwp%2Fv2%2Fcomments&post=326"}],"version-history":[{"count":12,"href":"http:\/\/wp.cycling-family.info\/index.php?rest_route=\/wp\/v2\/pages\/326\/revisions"}],"predecessor-version":[{"id":1131,"href":"http:\/\/wp.cycling-family.info\/index.php?rest_route=\/wp\/v2\/pages\/326\/revisions\/1131"}],"wp:attachment":[{"href":"http:\/\/wp.cycling-family.info\/index.php?rest_route=%2Fwp%2Fv2%2Fmedia&parent=326"}],"curies":[{"name":"wp","href":"https:\/\/api.w.org\/{rel}","templated":true}]}}